{"id":22426,"date":"2023-10-31T10:49:28","date_gmt":"2023-10-31T08:49:28","guid":{"rendered":"https:\/\/szereczauto.hu\/webshop\/?post_type=product&#038;p=22426"},"modified":"2023-11-05T10:41:12","modified_gmt":"2023-11-05T08:41:12","slug":"jegeso-ellen-vedo-ponyva-m","status":"publish","type":"product","link":"https:\/\/szereczauto.hu\/webshop\/termek\/jegeso-ellen-vedo-ponyva-m\/","title":{"rendered":"J\u00e9ges\u0151 ellen v\u00e9d\u0151 ponyva M"},"content":{"rendered":"<p>AUT\u00d3TAKAR\u00d3 PONYVA J\u00c9GES\u0150 ELLEN<\/p>\n<ul>\n<li>Ny\u00e1ri \u00e9s t\u00e9li haszn\u00e1latra.<\/li>\n<li>V\u00e9di az aut\u00f3j\u00e1t j\u00e9ges\u0151t\u0151l, es\u0151t\u0151l, fagyant\u00e1t\u00f3l \u00e9s m\u00e1s id\u0151j\u00e1r\u00e1si k\u00f6r\u00fclm\u00e9nyekt\u0151l.<\/li>\n<li>A ponyva fels\u0151 r\u00e9sz\u00e9ben 5 mm vastag habanyag van, amely j\u00e9ges\u0151ben megv\u00e9di az aut\u00f3t.<\/li>\n<li>A ponyva \u00fct\u00e9selnyel\u0151 k\u00e9pess\u00e9ge 13 mm nagys\u00e1g\u00fa 80 km\/h sebess\u00e9ggel hull\u00f3 j\u00e9g eset\u00e9n garant\u00e1lt!<\/li>\n<li>Er\u0151s sz\u00e9l eset\u00e9n sz\u00fcks\u00e9ges kieg\u00e9sz\u00edt\u0151 hevederekkel r\u00f6gz\u00edteni, hogy ne tudjon mozogni a ponyva az aut\u00f3n.<\/li>\n<li>Csak tiszta \u00e9s sz\u00e1raz aut\u00f3ra helyezze fel a ponyv\u00e1t!<\/li>\n<li>Nedves (p\u00e1r\u00e1s, vizes stb.) fel\u00fclet\u0171 j\u00e1rm\u0171vet letakarni TILOS!<\/li>\n<li>Frissen f\u00e9nyezett, vagy b\u00e1rmilyen egy\u00e9b fel\u00fcletkezel\u00e9st, \u00e1pol\u00e1st k\u00f6vet\u0151en, szint\u00e9n javasolt a teljes sz\u00e1rad\u00e1s megv\u00e1r\u00e1sa, mivel a nem teljesen sz\u00e1raz fel\u00fclet f\u00e9nyez\u00e9se esetleg foltosodhat, k\u00e1rosodhat!<\/li>\n<li>Tiszt\u00edt\u00e1sa meleg v\u00edzzel, szivaccsal v\u00e9gezhet\u0151. Ne haszn\u00e1ljon vegyszereket a tiszt\u00edt\u00e1shoz!<\/li>\n<li>UV \u00e1ll\u00f3.<\/li>\n<li>L\u00e9g\u00e1tereszt\u0151.<\/li>\n<li>F\u00e9nyvisszaver\u0151 h\u00e1romsz\u00f6g.<\/li>\n<\/ul>\n<p><strong>M\u00e9rete: M (430 x 165 x 119 cm)<\/strong><\/p>\n<p><strong><a href=\"http:\/\/szereczauto.hu\/webshop\/wp-content\/uploads\/2015\/07\/ponyva-ajanlas-m.pdf\" target=\"_blank\" rel=\"noopener noreferrer\">Itt tekintheti meg, hogy mely aut\u00f3khoz aj\u00e1nlott ez a term\u00e9k!<\/a><\/strong><\/p>\n","protected":false},"excerpt":{"rendered":"<p>AUT\u00d3TAKAR\u00d3 PONYVA J\u00c9GES\u0150 ELLEN Ny\u00e1ri \u00e9s t\u00e9li haszn\u00e1latra. V\u00e9di az aut\u00f3j\u00e1t j\u00e9ges\u0151t\u0151l, es\u0151t\u0151l, fagyant\u00e1t\u00f3l \u00e9s m\u00e1s id\u0151j\u00e1r\u00e1si k\u00f6r\u00fclm\u00e9nyekt\u0151l. A ponyva fels\u0151 r\u00e9sz\u00e9ben 5 mm vastag habanyag van, amely j\u00e9ges\u0151ben megv\u00e9di az aut\u00f3t. A ponyva \u00fct\u00e9selnyel\u0151 k\u00e9pess\u00e9ge 13 mm nagys\u00e1g\u00fa 80 km\/h sebess\u00e9ggel hull\u00f3 j\u00e9g eset\u00e9n garant\u00e1lt! Er\u0151s sz\u00e9l eset\u00e9n sz\u00fcks\u00e9ges kieg\u00e9sz\u00edt\u0151 hevederekkel r\u00f6gz\u00edteni, hogy ne [&hellip;]<\/p>\n","protected":false},"featured_media":22430,"comment_status":"open","ping_status":"closed","template":"","meta":{"_et_pb_use_builder":"","_et_pb_old_content":"","_et_gb_content_width":"","wp_popup_display_lightbox":0,"wp_popup_suppress":"","wp_popup_trigger":"","wp_popup_trigger_amount":0,"wp_popup_disable_on_mobile":false},"product_brand":[],"product_cat":[75,117],"product_tag":[],"class_list":{"0":"post-22426","1":"product","2":"type-product","3":"status-publish","4":"has-post-thumbnail","6":"product_cat-autofelszerelesek","7":"product_cat-ponyvak","9":"first","10":"instock","11":"shipping-taxable","12":"purchasable","13":"product-type-simple"},"yoast_head":"<!-- This site is optimized with the Yoast SEO plugin v27.5 - https:\/\/yoast.com\/product\/yoast-seo-wordpress\/ -->\n<title>J\u00e9ges\u0151 ellen v\u00e9d\u0151 ponyva M &#187; Szerecz Aut\u00f3alkatr\u00e9sz Web\u00e1ruh\u00e1z<\/title>\n<meta name=\"robots\" content=\"index, follow, max-snippet:-1, max-image-preview:large, max-video-preview:-1\" \/>\n<link rel=\"canonical\" href=\"https:\/\/szereczauto.hu\/webshop\/termek\/jegeso-ellen-vedo-ponyva-m\/\" \/>\n<meta property=\"og:locale\" content=\"hu_HU\" \/>\n<meta property=\"og:type\" content=\"article\" \/>\n<meta property=\"og:title\" content=\"J\u00e9ges\u0151 ellen v\u00e9d\u0151 ponyva M &#187; Szerecz Aut\u00f3alkatr\u00e9sz Web\u00e1ruh\u00e1z\" \/>\n<meta property=\"og:description\" content=\"AUT\u00d3TAKAR\u00d3 PONYVA J\u00c9GES\u0150 ELLEN Ny\u00e1ri \u00e9s t\u00e9li haszn\u00e1latra. V\u00e9di az aut\u00f3j\u00e1t j\u00e9ges\u0151t\u0151l, es\u0151t\u0151l, fagyant\u00e1t\u00f3l \u00e9s m\u00e1s id\u0151j\u00e1r\u00e1si k\u00f6r\u00fclm\u00e9nyekt\u0151l. A ponyva fels\u0151 r\u00e9sz\u00e9ben 5 mm vastag habanyag van, amely j\u00e9ges\u0151ben megv\u00e9di az aut\u00f3t. A ponyva \u00fct\u00e9selnyel\u0151 k\u00e9pess\u00e9ge 13 mm nagys\u00e1g\u00fa 80 km\/h sebess\u00e9ggel hull\u00f3 j\u00e9g eset\u00e9n garant\u00e1lt! Er\u0151s sz\u00e9l eset\u00e9n sz\u00fcks\u00e9ges kieg\u00e9sz\u00edt\u0151 hevederekkel r\u00f6gz\u00edteni, hogy ne [&hellip;]\" \/>\n<meta property=\"og:url\" content=\"https:\/\/szereczauto.hu\/webshop\/termek\/jegeso-ellen-vedo-ponyva-m\/\" \/>\n<meta property=\"og:site_name\" content=\"Szerecz Aut\u00f3alkatr\u00e9sz Web\u00e1ruh\u00e1z\" \/>\n<meta property=\"article:publisher\" content=\"https:\/\/www.facebook.com\/szereczauto\/\" \/>\n<meta property=\"article:modified_time\" content=\"2023-11-05T08:41:12+00:00\" \/>\n<meta property=\"og:image\" content=\"https:\/\/szereczauto.hu\/webshop\/wp-content\/uploads\/2023\/10\/Auto-takaro-ponyva-jegeso-ellen.jpg\" \/>\n\t<meta property=\"og:image:width\" content=\"800\" \/>\n\t<meta property=\"og:image:height\" content=\"800\" \/>\n\t<meta property=\"og:image:type\" content=\"image\/jpeg\" \/>\n<script type=\"application\/ld+json\" class=\"yoast-schema-graph\">{\"@context\":\"https:\\\/\\\/schema.org\",\"@graph\":[{\"@type\":\"WebPage\",\"@id\":\"https:\\\/\\\/szereczauto.hu\\\/webshop\\\/termek\\\/jegeso-ellen-vedo-ponyva-m\\\/\",\"url\":\"https:\\\/\\\/szereczauto.hu\\\/webshop\\\/termek\\\/jegeso-ellen-vedo-ponyva-m\\\/\",\"name\":\"J\u00e9ges\u0151 ellen v\u00e9d\u0151 ponyva M &#187; Szerecz Aut\u00f3alkatr\u00e9sz Web\u00e1ruh\u00e1z\",\"isPartOf\":{\"@id\":\"https:\\\/\\\/szereczauto.hu\\\/webshop\\\/#website\"},\"primaryImageOfPage\":{\"@id\":\"https:\\\/\\\/szereczauto.hu\\\/webshop\\\/termek\\\/jegeso-ellen-vedo-ponyva-m\\\/#primaryimage\"},\"image\":{\"@id\":\"https:\\\/\\\/szereczauto.hu\\\/webshop\\\/termek\\\/jegeso-ellen-vedo-ponyva-m\\\/#primaryimage\"},\"thumbnailUrl\":\"https:\\\/\\\/szereczauto.hu\\\/webshop\\\/wp-content\\\/uploads\\\/2023\\\/10\\\/Auto-takaro-ponyva-jegeso-ellen.jpg\",\"datePublished\":\"2023-10-31T08:49:28+00:00\",\"dateModified\":\"2023-11-05T08:41:12+00:00\",\"breadcrumb\":{\"@id\":\"https:\\\/\\\/szereczauto.hu\\\/webshop\\\/termek\\\/jegeso-ellen-vedo-ponyva-m\\\/#breadcrumb\"},\"inLanguage\":\"hu\",\"potentialAction\":[{\"@type\":\"ReadAction\",\"target\":[\"https:\\\/\\\/szereczauto.hu\\\/webshop\\\/termek\\\/jegeso-ellen-vedo-ponyva-m\\\/\"]}]},{\"@type\":\"ImageObject\",\"inLanguage\":\"hu\",\"@id\":\"https:\\\/\\\/szereczauto.hu\\\/webshop\\\/termek\\\/jegeso-ellen-vedo-ponyva-m\\\/#primaryimage\",\"url\":\"https:\\\/\\\/szereczauto.hu\\\/webshop\\\/wp-content\\\/uploads\\\/2023\\\/10\\\/Auto-takaro-ponyva-jegeso-ellen.jpg\",\"contentUrl\":\"https:\\\/\\\/szereczauto.hu\\\/webshop\\\/wp-content\\\/uploads\\\/2023\\\/10\\\/Auto-takaro-ponyva-jegeso-ellen.jpg\",\"width\":800,\"height\":800},{\"@type\":\"BreadcrumbList\",\"@id\":\"https:\\\/\\\/szereczauto.hu\\\/webshop\\\/termek\\\/jegeso-ellen-vedo-ponyva-m\\\/#breadcrumb\",\"itemListElement\":[{\"@type\":\"ListItem\",\"position\":1,\"name\":\"Home\",\"item\":\"https:\\\/\\\/szereczauto.hu\\\/webshop\\\/\"},{\"@type\":\"ListItem\",\"position\":2,\"name\":\"Term\u00e9keink\",\"item\":\"https:\\\/\\\/szereczauto.hu\\\/webshop\\\/shop\\\/\"},{\"@type\":\"ListItem\",\"position\":3,\"name\":\"J\u00e9ges\u0151 ellen v\u00e9d\u0151 ponyva M\"}]},{\"@type\":\"WebSite\",\"@id\":\"https:\\\/\\\/szereczauto.hu\\\/webshop\\\/#website\",\"url\":\"https:\\\/\\\/szereczauto.hu\\\/webshop\\\/\",\"name\":\"Szerecz Aut\u00f3alkatr\u00e9sz Web\u00e1ruh\u00e1z\",\"description\":\"Szerecz Aut\u00f3 Kft. - Thule term\u00e9kek, aut\u00f3alkatr\u00e9szek web\u00e1ruh\u00e1za\",\"publisher\":{\"@id\":\"https:\\\/\\\/szereczauto.hu\\\/webshop\\\/#organization\"},\"potentialAction\":[{\"@type\":\"SearchAction\",\"target\":{\"@type\":\"EntryPoint\",\"urlTemplate\":\"https:\\\/\\\/szereczauto.hu\\\/webshop\\\/?s={search_term_string}\"},\"query-input\":{\"@type\":\"PropertyValueSpecification\",\"valueRequired\":true,\"valueName\":\"search_term_string\"}}],\"inLanguage\":\"hu\"},{\"@type\":\"Organization\",\"@id\":\"https:\\\/\\\/szereczauto.hu\\\/webshop\\\/#organization\",\"name\":\"Szerecz Aut\u00f3alkatr\u00e9sz Web\u00e1ruh\u00e1z\",\"url\":\"https:\\\/\\\/szereczauto.hu\\\/webshop\\\/\",\"logo\":{\"@type\":\"ImageObject\",\"inLanguage\":\"hu\",\"@id\":\"https:\\\/\\\/szereczauto.hu\\\/webshop\\\/#\\\/schema\\\/logo\\\/image\\\/\",\"url\":\"https:\\\/\\\/szereczauto.hu\\\/webshop\\\/wp-content\\\/uploads\\\/2018\\\/12\\\/Szerecz_fav_2018.png\",\"contentUrl\":\"https:\\\/\\\/szereczauto.hu\\\/webshop\\\/wp-content\\\/uploads\\\/2018\\\/12\\\/Szerecz_fav_2018.png\",\"width\":512,\"height\":512,\"caption\":\"Szerecz Aut\u00f3alkatr\u00e9sz Web\u00e1ruh\u00e1z\"},\"image\":{\"@id\":\"https:\\\/\\\/szereczauto.hu\\\/webshop\\\/#\\\/schema\\\/logo\\\/image\\\/\"},\"sameAs\":[\"https:\\\/\\\/www.facebook.com\\\/szereczauto\\\/\",\"https:\\\/\\\/www.youtube.com\\\/channel\\\/UCGA5LXUmL_i2xDxT2GNNEBQ\"]}]}<\/script>\n<!-- \/ Yoast SEO plugin. -->","yoast_head_json":{"title":"J\u00e9ges\u0151 ellen v\u00e9d\u0151 ponyva M &#187; Szerecz Aut\u00f3alkatr\u00e9sz Web\u00e1ruh\u00e1z","robots":{"index":"index","follow":"follow","max-snippet":"max-snippet:-1","max-image-preview":"max-image-preview:large","max-video-preview":"max-video-preview:-1"},"canonical":"https:\/\/szereczauto.hu\/webshop\/termek\/jegeso-ellen-vedo-ponyva-m\/","og_locale":"hu_HU","og_type":"article","og_title":"J\u00e9ges\u0151 ellen v\u00e9d\u0151 ponyva M &#187; Szerecz Aut\u00f3alkatr\u00e9sz Web\u00e1ruh\u00e1z","og_description":"AUT\u00d3TAKAR\u00d3 PONYVA J\u00c9GES\u0150 ELLEN Ny\u00e1ri \u00e9s t\u00e9li haszn\u00e1latra. V\u00e9di az aut\u00f3j\u00e1t j\u00e9ges\u0151t\u0151l, es\u0151t\u0151l, fagyant\u00e1t\u00f3l \u00e9s m\u00e1s id\u0151j\u00e1r\u00e1si k\u00f6r\u00fclm\u00e9nyekt\u0151l. A ponyva fels\u0151 r\u00e9sz\u00e9ben 5 mm vastag habanyag van, amely j\u00e9ges\u0151ben megv\u00e9di az aut\u00f3t. A ponyva \u00fct\u00e9selnyel\u0151 k\u00e9pess\u00e9ge 13 mm nagys\u00e1g\u00fa 80 km\/h sebess\u00e9ggel hull\u00f3 j\u00e9g eset\u00e9n garant\u00e1lt! Er\u0151s sz\u00e9l eset\u00e9n sz\u00fcks\u00e9ges kieg\u00e9sz\u00edt\u0151 hevederekkel r\u00f6gz\u00edteni, hogy ne [&hellip;]","og_url":"https:\/\/szereczauto.hu\/webshop\/termek\/jegeso-ellen-vedo-ponyva-m\/","og_site_name":"Szerecz Aut\u00f3alkatr\u00e9sz Web\u00e1ruh\u00e1z","article_publisher":"https:\/\/www.facebook.com\/szereczauto\/","article_modified_time":"2023-11-05T08:41:12+00:00","og_image":[{"width":800,"height":800,"url":"https:\/\/szereczauto.hu\/webshop\/wp-content\/uploads\/2023\/10\/Auto-takaro-ponyva-jegeso-ellen.jpg","type":"image\/jpeg"}],"schema":{"@context":"https:\/\/schema.org","@graph":[{"@type":"WebPage","@id":"https:\/\/szereczauto.hu\/webshop\/termek\/jegeso-ellen-vedo-ponyva-m\/","url":"https:\/\/szereczauto.hu\/webshop\/termek\/jegeso-ellen-vedo-ponyva-m\/","name":"J\u00e9ges\u0151 ellen v\u00e9d\u0151 ponyva M &#187; Szerecz Aut\u00f3alkatr\u00e9sz Web\u00e1ruh\u00e1z","isPartOf":{"@id":"https:\/\/szereczauto.hu\/webshop\/#website"},"primaryImageOfPage":{"@id":"https:\/\/szereczauto.hu\/webshop\/termek\/jegeso-ellen-vedo-ponyva-m\/#primaryimage"},"image":{"@id":"https:\/\/szereczauto.hu\/webshop\/termek\/jegeso-ellen-vedo-ponyva-m\/#primaryimage"},"thumbnailUrl":"https:\/\/szereczauto.hu\/webshop\/wp-content\/uploads\/2023\/10\/Auto-takaro-ponyva-jegeso-ellen.jpg","datePublished":"2023-10-31T08:49:28+00:00","dateModified":"2023-11-05T08:41:12+00:00","breadcrumb":{"@id":"https:\/\/szereczauto.hu\/webshop\/termek\/jegeso-ellen-vedo-ponyva-m\/#breadcrumb"},"inLanguage":"hu","potentialAction":[{"@type":"ReadAction","target":["https:\/\/szereczauto.hu\/webshop\/termek\/jegeso-ellen-vedo-ponyva-m\/"]}]},{"@type":"ImageObject","inLanguage":"hu","@id":"https:\/\/szereczauto.hu\/webshop\/termek\/jegeso-ellen-vedo-ponyva-m\/#primaryimage","url":"https:\/\/szereczauto.hu\/webshop\/wp-content\/uploads\/2023\/10\/Auto-takaro-ponyva-jegeso-ellen.jpg","contentUrl":"https:\/\/szereczauto.hu\/webshop\/wp-content\/uploads\/2023\/10\/Auto-takaro-ponyva-jegeso-ellen.jpg","width":800,"height":800},{"@type":"BreadcrumbList","@id":"https:\/\/szereczauto.hu\/webshop\/termek\/jegeso-ellen-vedo-ponyva-m\/#breadcrumb","itemListElement":[{"@type":"ListItem","position":1,"name":"Home","item":"https:\/\/szereczauto.hu\/webshop\/"},{"@type":"ListItem","position":2,"name":"Term\u00e9keink","item":"https:\/\/szereczauto.hu\/webshop\/shop\/"},{"@type":"ListItem","position":3,"name":"J\u00e9ges\u0151 ellen v\u00e9d\u0151 ponyva M"}]},{"@type":"WebSite","@id":"https:\/\/szereczauto.hu\/webshop\/#website","url":"https:\/\/szereczauto.hu\/webshop\/","name":"Szerecz Aut\u00f3alkatr\u00e9sz Web\u00e1ruh\u00e1z","description":"Szerecz Aut\u00f3 Kft. - Thule term\u00e9kek, aut\u00f3alkatr\u00e9szek web\u00e1ruh\u00e1za","publisher":{"@id":"https:\/\/szereczauto.hu\/webshop\/#organization"},"potentialAction":[{"@type":"SearchAction","target":{"@type":"EntryPoint","urlTemplate":"https:\/\/szereczauto.hu\/webshop\/?s={search_term_string}"},"query-input":{"@type":"PropertyValueSpecification","valueRequired":true,"valueName":"search_term_string"}}],"inLanguage":"hu"},{"@type":"Organization","@id":"https:\/\/szereczauto.hu\/webshop\/#organization","name":"Szerecz Aut\u00f3alkatr\u00e9sz Web\u00e1ruh\u00e1z","url":"https:\/\/szereczauto.hu\/webshop\/","logo":{"@type":"ImageObject","inLanguage":"hu","@id":"https:\/\/szereczauto.hu\/webshop\/#\/schema\/logo\/image\/","url":"https:\/\/szereczauto.hu\/webshop\/wp-content\/uploads\/2018\/12\/Szerecz_fav_2018.png","contentUrl":"https:\/\/szereczauto.hu\/webshop\/wp-content\/uploads\/2018\/12\/Szerecz_fav_2018.png","width":512,"height":512,"caption":"Szerecz Aut\u00f3alkatr\u00e9sz Web\u00e1ruh\u00e1z"},"image":{"@id":"https:\/\/szereczauto.hu\/webshop\/#\/schema\/logo\/image\/"},"sameAs":["https:\/\/www.facebook.com\/szereczauto\/","https:\/\/www.youtube.com\/channel\/UCGA5LXUmL_i2xDxT2GNNEBQ"]}]}},"_links":{"self":[{"href":"https:\/\/szereczauto.hu\/webshop\/wp-json\/wp\/v2\/product\/22426","targetHints":{"allow":["GET"]}}],"collection":[{"href":"https:\/\/szereczauto.hu\/webshop\/wp-json\/wp\/v2\/product"}],"about":[{"href":"https:\/\/szereczauto.hu\/webshop\/wp-json\/wp\/v2\/types\/product"}],"replies":[{"embeddable":true,"href":"https:\/\/szereczauto.hu\/webshop\/wp-json\/wp\/v2\/comments?post=22426"}],"wp:featuredmedia":[{"embeddable":true,"href":"https:\/\/szereczauto.hu\/webshop\/wp-json\/wp\/v2\/media\/22430"}],"wp:attachment":[{"href":"https:\/\/szereczauto.hu\/webshop\/wp-json\/wp\/v2\/media?parent=22426"}],"wp:term":[{"taxonomy":"product_brand","embeddable":true,"href":"https:\/\/szereczauto.hu\/webshop\/wp-json\/wp\/v2\/product_brand?post=22426"},{"taxonomy":"product_cat","embeddable":true,"href":"https:\/\/szereczauto.hu\/webshop\/wp-json\/wp\/v2\/product_cat?post=22426"},{"taxonomy":"product_tag","embeddable":true,"href":"https:\/\/szereczauto.hu\/webshop\/wp-json\/wp\/v2\/product_tag?post=22426"}],"curies":[{"name":"wp","href":"https:\/\/api.w.org\/{rel}","templated":true}]}}