{"id":10769,"date":"2016-03-14T13:57:50","date_gmt":"2016-03-14T13:57:50","guid":{"rendered":"http:\/\/szereczauto.hu\/webshop\/?post_type=product&#038;p=10769"},"modified":"2016-03-14T14:31:57","modified_gmt":"2016-03-14T14:31:57","slug":"valasszon-automarkat","status":"publish","type":"product","link":"https:\/\/szereczauto.hu\/webshop\/termek\/valasszon-automarkat\/","title":{"rendered":"V\u00e1lasszon aut\u00f3m\u00e1rk\u00e1t!"},"content":{"rendered":"","protected":false},"excerpt":{"rendered":"<p>&nbsp;<\/p>\n<p><a href=\"http:\/\/szereczauto.hu\/webshop\/valasszon-automarkat\/alfa-romeo\/\" target=\"_blank\">ALFA ROMEO<\/a><\/p>\n<p><a href=\"http:\/\/szereczauto.hu\/webshop\/valasszon-automarkat\/audi\/\" target=\"_blank\">AUDI<\/a><\/p>\n<p><a href=\"http:\/\/szereczauto.hu\/webshop\/valasszon-automarkat\/bmw\/\" target=\"_blank\">BMW<\/a><\/p>\n<p><a href=\"http:\/\/szereczauto.hu\/webshop\/valasszon-automarkat\/chevrolet\/\" target=\"_blank\">CHEVROLET<\/a><\/p>\n<p><a href=\"http:\/\/szereczauto.hu\/webshop\/valasszon-automarkat\/citroen\/\" target=\"_blank\">CITROEN<\/a><\/p>\n<p><a href=\"http:\/\/szereczauto.hu\/webshop\/valasszon-automarkat\/dacia\/\" target=\"_blank\">DACIA<\/a><\/p>\n<p><a href=\"http:\/\/szereczauto.hu\/webshop\/valasszon-automarkat\/fiat\/\" target=\"_blank\">FIAT<\/a><\/p>\n<p><a href=\"http:\/\/szereczauto.hu\/webshop\/valasszon-automarkat\/ford\/\" target=\"_blank\">FORD<\/a><\/p>\n<p><a href=\"http:\/\/szereczauto.hu\/webshop\/valasszon-automarkat\/honda\/\" target=\"_blank\">HONDA<\/a><\/p>\n<p><a href=\"http:\/\/szereczauto.hu\/webshop\/valasszon-automarkat\/hyuandai\/\" target=\"_blank\">HYUANDAI<\/a><\/p>\n<p><a href=\"http:\/\/szereczauto.hu\/webshop\/valasszon-automarkat\/jaguar\/\" target=\"_blank\">JAGU\u00c1R<\/a><\/p>\n<p><a href=\"http:\/\/szereczauto.hu\/webshop\/valasszon-automarkat\/jeep\/\" target=\"_blank\">JEEP<\/a><\/p>\n<p><a href=\"http:\/\/szereczauto.hu\/webshop\/valasszon-automarkat\/kia\/\" target=\"_blank\">KIA<\/a><\/p>\n<p><a href=\"http:\/\/szereczauto.hu\/webshop\/valasszon-automarkat\/land-rover\/\" target=\"_blank\">LAND ROVER<\/a><\/p>\n<p><a href=\"http:\/\/szereczauto.hu\/webshop\/valasszon-automarkat\/lexus\/\" target=\"_blank\">LEXUS<\/a><\/p>\n<p><a href=\"http:\/\/szereczauto.hu\/webshop\/valasszon-automarkat\/mazda\/\" target=\"_blank\">MAZDA<\/a><\/p>\n<p><a href=\"http:\/\/szereczauto.hu\/webshop\/valasszon-automarkat\/mercedes-benz\/\" target=\"_blank\">MERCEDES BENZ<\/a><\/p>\n<p><a href=\"http:\/\/szereczauto.hu\/webshop\/valasszon-automarkat\/mitsubishi\/\" target=\"_blank\">MITSUBISHI<\/a><\/p>\n<p><a href=\"http:\/\/szereczauto.hu\/webshop\/valasszon-automarkat\/nissan\/\" target=\"_blank\">NISSAN<\/a><\/p>\n<p><a href=\"http:\/\/szereczauto.hu\/webshop\/valasszon-automarkat\/opel\/\" target=\"_blank\">OPEL<\/a><\/p>\n<p><a href=\"http:\/\/szereczauto.hu\/webshop\/valasszon-automarkat\/peugeot\/\" target=\"_blank\">PEUGEOT<\/a><\/p>\n<p><a href=\"http:\/\/szereczauto.hu\/webshop\/valasszon-automarkat\/renault\/\" target=\"_blank\">RENAULT<\/a><\/p>\n<p><a href=\"http:\/\/szereczauto.hu\/webshop\/valasszon-automarkat\/saab\/\" target=\"_blank\">SAAB<\/a><\/p>\n<p><a href=\"http:\/\/szereczauto.hu\/webshop\/valasszon-automarkat\/seat\/\" target=\"_blank\">SEAT<\/a><\/p>\n<p><a href=\"http:\/\/szereczauto.hu\/webshop\/valasszon-automarkat\/skoda\/\" target=\"_blank\">SKODA<\/a><\/p>\n<p><a href=\"http:\/\/szereczauto.hu\/webshop\/valasszon-automarkat\/ssangyong\/\" target=\"_blank\">SSANGYONG<\/a><\/p>\n<p><a href=\"http:\/\/szereczauto.hu\/webshop\/valasszon-automarkat\/subaru\/\" target=\"_blank\">SUBARU<\/a><\/p>\n<p><a href=\"http:\/\/szereczauto.hu\/webshop\/valasszon-automarkat\/suzuki\/\" target=\"_blank\">SUZUKI<\/a><\/p>\n<p><a href=\"http:\/\/szereczauto.hu\/webshop\/valasszon-automarkat\/toyota\/\" target=\"_blank\">TOYOTA<\/a><\/p>\n<p><a href=\"http:\/\/szereczauto.hu\/webshop\/valasszon-automarkat\/volkswagen\/\" target=\"_blank\">VOLKSWAGEN<\/a><\/p>\n<p><a href=\"http:\/\/szereczauto.hu\/webshop\/valasszon-automarkat\/volvo\/\" target=\"_blank\">VOLVO<\/a><\/p>\n","protected":false},"featured_media":10772,"comment_status":"closed","ping_status":"closed","template":"","meta":{"_et_pb_use_builder":"","_et_pb_old_content":"","_et_gb_content_width":"","wp_popup_display_lightbox":0,"wp_popup_suppress":"","wp_popup_trigger":"","wp_popup_trigger_amount":0,"wp_popup_disable_on_mobile":false},"product_brand":[],"product_cat":[206,49,55],"product_tag":[],"class_list":{"0":"post-10769","1":"product","2":"type-product","3":"status-publish","4":"has-post-thumbnail","6":"product_cat-automarka-szerinti-valasztas","7":"product_cat-thule_termekek","8":"product_cat-thule-tetocsomagtartok","10":"first","11":"instock","12":"virtual","13":"product-type-simple"},"yoast_head":"<!-- This site is optimized with the Yoast SEO plugin v27.5 - https:\/\/yoast.com\/product\/yoast-seo-wordpress\/ -->\n<title>V\u00e1lasszon aut\u00f3m\u00e1rk\u00e1t! &#187; Szerecz Aut\u00f3alkatr\u00e9sz Web\u00e1ruh\u00e1z<\/title>\n<meta name=\"robots\" content=\"index, follow, max-snippet:-1, max-image-preview:large, max-video-preview:-1\" \/>\n<link rel=\"canonical\" href=\"https:\/\/szereczauto.hu\/webshop\/termek\/valasszon-automarkat\/\" \/>\n<meta property=\"og:locale\" content=\"hu_HU\" \/>\n<meta property=\"og:type\" content=\"article\" \/>\n<meta property=\"og:title\" content=\"V\u00e1lasszon aut\u00f3m\u00e1rk\u00e1t! &#187; Szerecz Aut\u00f3alkatr\u00e9sz Web\u00e1ruh\u00e1z\" \/>\n<meta property=\"og:description\" content=\"&nbsp;  ALFA ROMEO  AUDI  BMW  CHEVROLET  CITROEN  DACIA  FIAT  FORD  HONDA  HYUANDAI  JAGU\u00c1R  JEEP  KIA  LAND ROVER  LEXUS  MAZDA  MERCEDES BENZ  MITSUBISHI  NISSAN  OPEL  PEUGEOT  RENAULT  SAAB  SEAT  SKODA  SSANGYONG  SUBARU  SUZUKI  TOYOTA  VOLKSWAGEN  VOLVO\" \/>\n<meta property=\"og:url\" content=\"https:\/\/szereczauto.hu\/webshop\/termek\/valasszon-automarkat\/\" \/>\n<meta property=\"og:site_name\" content=\"Szerecz Aut\u00f3alkatr\u00e9sz Web\u00e1ruh\u00e1z\" \/>\n<meta property=\"article:publisher\" content=\"https:\/\/www.facebook.com\/szereczauto\/\" \/>\n<meta property=\"article:modified_time\" content=\"2016-03-14T14:31:57+00:00\" \/>\n<meta property=\"og:image\" content=\"https:\/\/szereczauto.hu\/webshop\/wp-content\/uploads\/2016\/03\/valassza_ki.png\" \/>\n\t<meta property=\"og:image:width\" content=\"300\" \/>\n\t<meta property=\"og:image:height\" content=\"300\" \/>\n\t<meta property=\"og:image:type\" content=\"image\/png\" \/>\n<script type=\"application\/ld+json\" class=\"yoast-schema-graph\">{\"@context\":\"https:\\\/\\\/schema.org\",\"@graph\":[{\"@type\":\"WebPage\",\"@id\":\"https:\\\/\\\/szereczauto.hu\\\/webshop\\\/termek\\\/valasszon-automarkat\\\/\",\"url\":\"https:\\\/\\\/szereczauto.hu\\\/webshop\\\/termek\\\/valasszon-automarkat\\\/\",\"name\":\"V\u00e1lasszon aut\u00f3m\u00e1rk\u00e1t! &#187; Szerecz Aut\u00f3alkatr\u00e9sz Web\u00e1ruh\u00e1z\",\"isPartOf\":{\"@id\":\"https:\\\/\\\/szereczauto.hu\\\/webshop\\\/#website\"},\"primaryImageOfPage\":{\"@id\":\"https:\\\/\\\/szereczauto.hu\\\/webshop\\\/termek\\\/valasszon-automarkat\\\/#primaryimage\"},\"image\":{\"@id\":\"https:\\\/\\\/szereczauto.hu\\\/webshop\\\/termek\\\/valasszon-automarkat\\\/#primaryimage\"},\"thumbnailUrl\":\"https:\\\/\\\/szereczauto.hu\\\/webshop\\\/wp-content\\\/uploads\\\/2016\\\/03\\\/valassza_ki.png\",\"datePublished\":\"2016-03-14T13:57:50+00:00\",\"dateModified\":\"2016-03-14T14:31:57+00:00\",\"breadcrumb\":{\"@id\":\"https:\\\/\\\/szereczauto.hu\\\/webshop\\\/termek\\\/valasszon-automarkat\\\/#breadcrumb\"},\"inLanguage\":\"hu\",\"potentialAction\":[{\"@type\":\"ReadAction\",\"target\":[\"https:\\\/\\\/szereczauto.hu\\\/webshop\\\/termek\\\/valasszon-automarkat\\\/\"]}]},{\"@type\":\"ImageObject\",\"inLanguage\":\"hu\",\"@id\":\"https:\\\/\\\/szereczauto.hu\\\/webshop\\\/termek\\\/valasszon-automarkat\\\/#primaryimage\",\"url\":\"https:\\\/\\\/szereczauto.hu\\\/webshop\\\/wp-content\\\/uploads\\\/2016\\\/03\\\/valassza_ki.png\",\"contentUrl\":\"https:\\\/\\\/szereczauto.hu\\\/webshop\\\/wp-content\\\/uploads\\\/2016\\\/03\\\/valassza_ki.png\",\"width\":300,\"height\":300},{\"@type\":\"BreadcrumbList\",\"@id\":\"https:\\\/\\\/szereczauto.hu\\\/webshop\\\/termek\\\/valasszon-automarkat\\\/#breadcrumb\",\"itemListElement\":[{\"@type\":\"ListItem\",\"position\":1,\"name\":\"Home\",\"item\":\"https:\\\/\\\/szereczauto.hu\\\/webshop\\\/\"},{\"@type\":\"ListItem\",\"position\":2,\"name\":\"Term\u00e9keink\",\"item\":\"https:\\\/\\\/szereczauto.hu\\\/webshop\\\/shop\\\/\"},{\"@type\":\"ListItem\",\"position\":3,\"name\":\"V\u00e1lasszon aut\u00f3m\u00e1rk\u00e1t!\"}]},{\"@type\":\"WebSite\",\"@id\":\"https:\\\/\\\/szereczauto.hu\\\/webshop\\\/#website\",\"url\":\"https:\\\/\\\/szereczauto.hu\\\/webshop\\\/\",\"name\":\"Szerecz Aut\u00f3alkatr\u00e9sz Web\u00e1ruh\u00e1z\",\"description\":\"Szerecz Aut\u00f3 Kft. - Thule term\u00e9kek, aut\u00f3alkatr\u00e9szek web\u00e1ruh\u00e1za\",\"publisher\":{\"@id\":\"https:\\\/\\\/szereczauto.hu\\\/webshop\\\/#organization\"},\"potentialAction\":[{\"@type\":\"SearchAction\",\"target\":{\"@type\":\"EntryPoint\",\"urlTemplate\":\"https:\\\/\\\/szereczauto.hu\\\/webshop\\\/?s={search_term_string}\"},\"query-input\":{\"@type\":\"PropertyValueSpecification\",\"valueRequired\":true,\"valueName\":\"search_term_string\"}}],\"inLanguage\":\"hu\"},{\"@type\":\"Organization\",\"@id\":\"https:\\\/\\\/szereczauto.hu\\\/webshop\\\/#organization\",\"name\":\"Szerecz Aut\u00f3alkatr\u00e9sz Web\u00e1ruh\u00e1z\",\"url\":\"https:\\\/\\\/szereczauto.hu\\\/webshop\\\/\",\"logo\":{\"@type\":\"ImageObject\",\"inLanguage\":\"hu\",\"@id\":\"https:\\\/\\\/szereczauto.hu\\\/webshop\\\/#\\\/schema\\\/logo\\\/image\\\/\",\"url\":\"https:\\\/\\\/szereczauto.hu\\\/webshop\\\/wp-content\\\/uploads\\\/2018\\\/12\\\/Szerecz_fav_2018.png\",\"contentUrl\":\"https:\\\/\\\/szereczauto.hu\\\/webshop\\\/wp-content\\\/uploads\\\/2018\\\/12\\\/Szerecz_fav_2018.png\",\"width\":512,\"height\":512,\"caption\":\"Szerecz Aut\u00f3alkatr\u00e9sz Web\u00e1ruh\u00e1z\"},\"image\":{\"@id\":\"https:\\\/\\\/szereczauto.hu\\\/webshop\\\/#\\\/schema\\\/logo\\\/image\\\/\"},\"sameAs\":[\"https:\\\/\\\/www.facebook.com\\\/szereczauto\\\/\",\"https:\\\/\\\/www.youtube.com\\\/channel\\\/UCGA5LXUmL_i2xDxT2GNNEBQ\"]}]}<\/script>\n<!-- \/ Yoast SEO plugin. -->","yoast_head_json":{"title":"V\u00e1lasszon aut\u00f3m\u00e1rk\u00e1t! &#187; Szerecz Aut\u00f3alkatr\u00e9sz Web\u00e1ruh\u00e1z","robots":{"index":"index","follow":"follow","max-snippet":"max-snippet:-1","max-image-preview":"max-image-preview:large","max-video-preview":"max-video-preview:-1"},"canonical":"https:\/\/szereczauto.hu\/webshop\/termek\/valasszon-automarkat\/","og_locale":"hu_HU","og_type":"article","og_title":"V\u00e1lasszon aut\u00f3m\u00e1rk\u00e1t! &#187; Szerecz Aut\u00f3alkatr\u00e9sz Web\u00e1ruh\u00e1z","og_description":"&nbsp;  ALFA ROMEO  AUDI  BMW  CHEVROLET  CITROEN  DACIA  FIAT  FORD  HONDA  HYUANDAI  JAGU\u00c1R  JEEP  KIA  LAND ROVER  LEXUS  MAZDA  MERCEDES BENZ  MITSUBISHI  NISSAN  OPEL  PEUGEOT  RENAULT  SAAB  SEAT  SKODA  SSANGYONG  SUBARU  SUZUKI  TOYOTA  VOLKSWAGEN  VOLVO","og_url":"https:\/\/szereczauto.hu\/webshop\/termek\/valasszon-automarkat\/","og_site_name":"Szerecz Aut\u00f3alkatr\u00e9sz Web\u00e1ruh\u00e1z","article_publisher":"https:\/\/www.facebook.com\/szereczauto\/","article_modified_time":"2016-03-14T14:31:57+00:00","og_image":[{"width":300,"height":300,"url":"https:\/\/szereczauto.hu\/webshop\/wp-content\/uploads\/2016\/03\/valassza_ki.png","type":"image\/png"}],"schema":{"@context":"https:\/\/schema.org","@graph":[{"@type":"WebPage","@id":"https:\/\/szereczauto.hu\/webshop\/termek\/valasszon-automarkat\/","url":"https:\/\/szereczauto.hu\/webshop\/termek\/valasszon-automarkat\/","name":"V\u00e1lasszon aut\u00f3m\u00e1rk\u00e1t! &#187; Szerecz Aut\u00f3alkatr\u00e9sz Web\u00e1ruh\u00e1z","isPartOf":{"@id":"https:\/\/szereczauto.hu\/webshop\/#website"},"primaryImageOfPage":{"@id":"https:\/\/szereczauto.hu\/webshop\/termek\/valasszon-automarkat\/#primaryimage"},"image":{"@id":"https:\/\/szereczauto.hu\/webshop\/termek\/valasszon-automarkat\/#primaryimage"},"thumbnailUrl":"https:\/\/szereczauto.hu\/webshop\/wp-content\/uploads\/2016\/03\/valassza_ki.png","datePublished":"2016-03-14T13:57:50+00:00","dateModified":"2016-03-14T14:31:57+00:00","breadcrumb":{"@id":"https:\/\/szereczauto.hu\/webshop\/termek\/valasszon-automarkat\/#breadcrumb"},"inLanguage":"hu","potentialAction":[{"@type":"ReadAction","target":["https:\/\/szereczauto.hu\/webshop\/termek\/valasszon-automarkat\/"]}]},{"@type":"ImageObject","inLanguage":"hu","@id":"https:\/\/szereczauto.hu\/webshop\/termek\/valasszon-automarkat\/#primaryimage","url":"https:\/\/szereczauto.hu\/webshop\/wp-content\/uploads\/2016\/03\/valassza_ki.png","contentUrl":"https:\/\/szereczauto.hu\/webshop\/wp-content\/uploads\/2016\/03\/valassza_ki.png","width":300,"height":300},{"@type":"BreadcrumbList","@id":"https:\/\/szereczauto.hu\/webshop\/termek\/valasszon-automarkat\/#breadcrumb","itemListElement":[{"@type":"ListItem","position":1,"name":"Home","item":"https:\/\/szereczauto.hu\/webshop\/"},{"@type":"ListItem","position":2,"name":"Term\u00e9keink","item":"https:\/\/szereczauto.hu\/webshop\/shop\/"},{"@type":"ListItem","position":3,"name":"V\u00e1lasszon aut\u00f3m\u00e1rk\u00e1t!"}]},{"@type":"WebSite","@id":"https:\/\/szereczauto.hu\/webshop\/#website","url":"https:\/\/szereczauto.hu\/webshop\/","name":"Szerecz Aut\u00f3alkatr\u00e9sz Web\u00e1ruh\u00e1z","description":"Szerecz Aut\u00f3 Kft. - Thule term\u00e9kek, aut\u00f3alkatr\u00e9szek web\u00e1ruh\u00e1za","publisher":{"@id":"https:\/\/szereczauto.hu\/webshop\/#organization"},"potentialAction":[{"@type":"SearchAction","target":{"@type":"EntryPoint","urlTemplate":"https:\/\/szereczauto.hu\/webshop\/?s={search_term_string}"},"query-input":{"@type":"PropertyValueSpecification","valueRequired":true,"valueName":"search_term_string"}}],"inLanguage":"hu"},{"@type":"Organization","@id":"https:\/\/szereczauto.hu\/webshop\/#organization","name":"Szerecz Aut\u00f3alkatr\u00e9sz Web\u00e1ruh\u00e1z","url":"https:\/\/szereczauto.hu\/webshop\/","logo":{"@type":"ImageObject","inLanguage":"hu","@id":"https:\/\/szereczauto.hu\/webshop\/#\/schema\/logo\/image\/","url":"https:\/\/szereczauto.hu\/webshop\/wp-content\/uploads\/2018\/12\/Szerecz_fav_2018.png","contentUrl":"https:\/\/szereczauto.hu\/webshop\/wp-content\/uploads\/2018\/12\/Szerecz_fav_2018.png","width":512,"height":512,"caption":"Szerecz Aut\u00f3alkatr\u00e9sz Web\u00e1ruh\u00e1z"},"image":{"@id":"https:\/\/szereczauto.hu\/webshop\/#\/schema\/logo\/image\/"},"sameAs":["https:\/\/www.facebook.com\/szereczauto\/","https:\/\/www.youtube.com\/channel\/UCGA5LXUmL_i2xDxT2GNNEBQ"]}]}},"_links":{"self":[{"href":"https:\/\/szereczauto.hu\/webshop\/wp-json\/wp\/v2\/product\/10769","targetHints":{"allow":["GET"]}}],"collection":[{"href":"https:\/\/szereczauto.hu\/webshop\/wp-json\/wp\/v2\/product"}],"about":[{"href":"https:\/\/szereczauto.hu\/webshop\/wp-json\/wp\/v2\/types\/product"}],"replies":[{"embeddable":true,"href":"https:\/\/szereczauto.hu\/webshop\/wp-json\/wp\/v2\/comments?post=10769"}],"wp:featuredmedia":[{"embeddable":true,"href":"https:\/\/szereczauto.hu\/webshop\/wp-json\/wp\/v2\/media\/10772"}],"wp:attachment":[{"href":"https:\/\/szereczauto.hu\/webshop\/wp-json\/wp\/v2\/media?parent=10769"}],"wp:term":[{"taxonomy":"product_brand","embeddable":true,"href":"https:\/\/szereczauto.hu\/webshop\/wp-json\/wp\/v2\/product_brand?post=10769"},{"taxonomy":"product_cat","embeddable":true,"href":"https:\/\/szereczauto.hu\/webshop\/wp-json\/wp\/v2\/product_cat?post=10769"},{"taxonomy":"product_tag","embeddable":true,"href":"https:\/\/szereczauto.hu\/webshop\/wp-json\/wp\/v2\/product_tag?post=10769"}],"curies":[{"name":"wp","href":"https:\/\/api.w.org\/{rel}","templated":true}]}}